{"id":367,"date":"2021-07-26T14:48:46","date_gmt":"2021-07-26T12:48:46","guid":{"rendered":"http:\/\/afb26.org\/?page_id=367"},"modified":"2023-02-24T10:19:30","modified_gmt":"2023-02-24T09:19:30","slug":"la-gazette-des-souris-vertes","status":"publish","type":"page","link":"https:\/\/afb26.org\/?page_id=367","title":{"rendered":"Informations pratiques"},"content":{"rendered":"\n<div class=\"wp-block-columns is-layout-flex wp-container-core-columns-is-layout-9d6595d7 wp-block-columns-is-layout-flex\">\n<div class=\"wp-block-column is-layout-flow wp-block-column-is-layout-flow\" style=\"flex-basis:100%\">\n<div class=\"wp-block-columns is-layout-flex wp-container-core-columns-is-layout-9d6595d7 wp-block-columns-is-layout-flex\">\n<div class=\"wp-block-column is-layout-flow wp-block-column-is-layout-flow\">\n<figure class=\"wp-block-image size-large\"><img loading=\"lazy\" decoding=\"async\" width=\"1024\" height=\"1024\" src=\"https:\/\/afb26.org\/wp-content\/uploads\/2022\/03\/dehors-arbre-1024x1024.jpg\" alt=\"\" class=\"wp-image-1892\" srcset=\"https:\/\/afb26.org\/wp-content\/uploads\/2022\/03\/dehors-arbre-1024x1024.jpg 1024w, https:\/\/afb26.org\/wp-content\/uploads\/2022\/03\/dehors-arbre-300x300.jpg 300w, https:\/\/afb26.org\/wp-content\/uploads\/2022\/03\/dehors-arbre-150x150.jpg 150w, https:\/\/afb26.org\/wp-content\/uploads\/2022\/03\/dehors-arbre-768x768.jpg 768w, https:\/\/afb26.org\/wp-content\/uploads\/2022\/03\/dehors-arbre-1536x1536.jpg 1536w, https:\/\/afb26.org\/wp-content\/uploads\/2022\/03\/dehors-arbre-2048x2048.jpg 2048w\" sizes=\"auto, (max-width: 1024px) 100vw, 1024px\" \/><\/figure>\n<\/div>\n\n\n\n<div class=\"wp-block-column is-layout-flow wp-block-column-is-layout-flow\">\n<p>Le multi-accueil les Souris Vertes est ouvert du lundi au vendredi de 7h45 \u00e0 18h, et ferm\u00e9 entre No\u00ebl et le jour de l\u2019An et 2 semaines au mois d\u2019ao\u00fbt. Nous accueillons 20 enfants de 3 mois \u00e0 3 ans par jour, environ 45 familles fr\u00e9quentent les Souris Vertes sur le territoire.<\/p>\n\n\n\n<h2 class=\"has-text-align-center wp-block-heading\">Pour toute inscription ou renseignements<\/h2>\n\n\n\n<p class=\"has-text-align-center\">Contactez la directrice&nbsp;<strong>C\u00e9line JACQUEMOND&nbsp;<\/strong>pour une inscription sur liste d\u2019attente au<strong>&nbsp;04.75.28.17.20&nbsp;<\/strong><br>ou par courriel :<strong>&nbsp;<\/strong><\/p>\n\n\n\n<p class=\"has-text-align-center\"><strong><a href=\"mailto:responsable.svtes@afb26.org\">responsable.svtes@afb26.org<\/a><\/strong><\/p>\n\n\n\n<p>Nous avons beaucoup de demandes&#8230; Pensez \u00e0 vous inscrire sur liste d&#8217;attente le plus t\u00f4t possible!<\/p>\n\n\n\n<h2 class=\"has-text-align-center wp-block-heading\">Tarifs<\/h2>\n\n\n\n<p class=\"has-text-align-center\">Nous appliquons un tarif horaire en fonction des revenus de la famille.<\/p>\n\n\n\n<p class=\"has-text-align-center\">Pour faire une estimation:  <a href=\"https:\/\/www.monenfant.fr\/simuler-le-cout-en-creche\" data-type=\"URL\" data-id=\"https:\/\/www.monenfant.fr\/simuler-le-cout-en-creche\">https:\/\/www.monenfant.fr\/simuler-le-cout-en-creche<\/a><\/p>\n<\/div>\n<\/div>\n<\/div>\n<\/div>\n\n\n\n<p><\/p>\n","protected":false},"excerpt":{"rendered":"<p>Le multi-accueil les Souris Vertes est ouvert du lundi au vendredi de 7h45 \u00e0 18h, et ferm\u00e9 entre No\u00ebl et le jour de l\u2019An et 2 semaines au mois d\u2019ao\u00fbt. Nous accueillons 20 enfants de 3 mois \u00e0 3 ans par jour, environ 45 familles fr\u00e9quentent les Souris Vertes sur le territoire. Pour toute inscription &hellip;<\/p>\n","protected":false},"author":7,"featured_media":0,"parent":112,"menu_order":4,"comment_status":"closed","ping_status":"closed","template":"","meta":{"footnotes":""},"class_list":["post-367","page","type-page","status-publish","hentry"],"_links":{"self":[{"href":"https:\/\/afb26.org\/index.php?rest_route=\/wp\/v2\/pages\/367","targetHints":{"allow":["GET"]}}],"collection":[{"href":"https:\/\/afb26.org\/index.php?rest_route=\/wp\/v2\/pages"}],"about":[{"href":"https:\/\/afb26.org\/index.php?rest_route=\/wp\/v2\/types\/page"}],"author":[{"embeddable":true,"href":"https:\/\/afb26.org\/index.php?rest_route=\/wp\/v2\/users\/7"}],"replies":[{"embeddable":true,"href":"https:\/\/afb26.org\/index.php?rest_route=%2Fwp%2Fv2%2Fcomments&post=367"}],"version-history":[{"count":16,"href":"https:\/\/afb26.org\/index.php?rest_route=\/wp\/v2\/pages\/367\/revisions"}],"predecessor-version":[{"id":3174,"href":"https:\/\/afb26.org\/index.php?rest_route=\/wp\/v2\/pages\/367\/revisions\/3174"}],"up":[{"embeddable":true,"href":"https:\/\/afb26.org\/index.php?rest_route=\/wp\/v2\/pages\/112"}],"wp:attachment":[{"href":"https:\/\/afb26.org\/index.php?rest_route=%2Fwp%2Fv2%2Fmedia&parent=367"}],"curies":[{"name":"wp","href":"https:\/\/api.w.org\/{rel}","templated":true}]}}