{"id":3767,"date":"2023-07-06T12:06:56","date_gmt":"2023-07-06T10:06:56","guid":{"rendered":"https:\/\/afb26.org\/?page_id=3767"},"modified":"2026-02-19T14:57:39","modified_gmt":"2026-02-19T13:57:39","slug":"mise-a-dispo-de-scooters-voitures","status":"publish","type":"page","link":"https:\/\/afb26.org\/?page_id=3767","title":{"rendered":"Mise \u00e0 disposition de Scooters \/ Voitures"},"content":{"rendered":"\n<div class=\"wp-block-media-text alignwide is-stacked-on-mobile\" style=\"grid-template-columns:35% auto\"><figure class=\"wp-block-media-text__media\"><img loading=\"lazy\" decoding=\"async\" width=\"819\" height=\"1024\" src=\"https:\/\/afb26.org\/wp-content\/uploads\/2026\/02\/Scooter3-819x1024.png\" alt=\"\" class=\"wp-image-7315 size-full\" srcset=\"https:\/\/afb26.org\/wp-content\/uploads\/2026\/02\/Scooter3-819x1024.png 819w, https:\/\/afb26.org\/wp-content\/uploads\/2026\/02\/Scooter3-240x300.png 240w, https:\/\/afb26.org\/wp-content\/uploads\/2026\/02\/Scooter3-768x960.png 768w, https:\/\/afb26.org\/wp-content\/uploads\/2026\/02\/Scooter3.png 1080w\" sizes=\"auto, (max-width: 819px) 100vw, 819px\" \/><\/figure><div class=\"wp-block-media-text__content\">\n<p class=\"has-regular-font-size\"><strong>L&#8217;AFB &#8211; Centre Social<\/strong> est l&#8217;une des <strong>17 antennes<\/strong> de <strong>Mobilit\u00e9 07\/26<\/strong> pour la <strong><a href=\"https:\/\/www.plateformemobilite-ra.fr\/individuel-drome-ardeche\/locamob.html\" target=\"_blank\" rel=\"noreferrer noopener\">mise \u00e0 disposition de scooter et voiture<\/a><\/strong> pour l&#8217;acc\u00e8s \u00e0 l&#8217;emploi, la formation ou la recherche d&#8217;un emploi<\/p>\n\n\n\n<p class=\"has-regular-font-size\">     Le but de ce dispositif est de <strong>permettre aux habitants du territoire de se d\u00e9placer plus facilement<\/strong>, pour des <strong>d\u00e9marches administrative<\/strong>, se rendre \u00e0 un <strong>emploi ou un stage<\/strong> ou en <strong>rechercher<\/strong> un. <\/p>\n\n\n\n<p><strong><em>Conditions<\/em><\/strong> :<br>\u00b7&nbsp;\u00catre en recherche active d\u2019emploi, en stage ou en contrat de travail,<br>\u00b7&nbsp;\u00catre titulaire du Permis BSR ou de AM (n\u00e9s avant le 1\/01\/1988)<br>\u00b7&nbsp;Avoir une <strong>prescription<\/strong> d\u2019un r\u00e9f\u00e9rent socio-professionnel (P\u00f4le emploi, Intervalle, Mission Locale, CCAS, Ana\u00efs, CMS)<\/p>\n\n\n\n<p><strong><em>Tarifs<\/em><\/strong> :<\/p>\n\n\n\n<ul class=\"wp-block-list\">\n<li>Adh\u00e9sion annuelle : 5 \u20ac<\/li>\n\n\n\n<li>Locauto : 8 \u20ac \/ journ\u00e9e<br>La dur\u00e9e de mise \u00e0 disposition est fix\u00e9e par le prescripteur via la fiche de liaison. Elle ne peut d\u00e9passer 2 semaines pour une recherche d\u2019emploi et 90 jours (sur pr\u00e9sentation d\u2019un justificatif) pour un stage, une formation ou un emploi<\/li>\n\n\n\n<li>Locamob : 5 \u20ac \/ journ\u00e9e<br>La dur\u00e9e de mise \u00e0 disposition est fix\u00e9e par le prescripteur via la fiche de liaison. Elle ne peut d\u00e9passer 2 semaines pour une recherche d\u2019emploi et 180 jours (sur pr\u00e9sentation d\u2019un justificatif) pour un stage, une formation ou un emploi<\/li>\n<\/ul>\n\n\n\n<p>Vente de mat\u00e9riel si l&#8217;utiliteurice n&#8217;en poss\u00e8de pas :<\/p>\n\n\n\n<ul class=\"wp-block-list\">\n<li>Gants homologu\u00e9s 20 \u20ac<\/li>\n\n\n\n<li>gilet jaune 2 \u20ac<\/li>\n<\/ul>\n<\/div><\/div>\n\n\n\n<p class=\"has-suki-color-2-color has-text-color has-large-font-size\"><strong><em>Pour plus d&#8217;information contactez nous <\/em><\/strong><\/p>\n\n\n\n<p class=\"has-medium-font-size\"><strong>04 75 28 17 28 \/ accueil@afb26.org<\/strong><\/p>\n\n\n\n<h3 class=\"wp-block-heading has-text-align-center has-large-font-size\">Bilan Mise \u00e0 disposition de v\u00e9hicules <\/h3>\n\n\n<div class=\"wp-block-image\">\n<figure class=\"aligncenter size-large\"><img loading=\"lazy\" decoding=\"async\" width=\"724\" height=\"1024\" src=\"https:\/\/afb26.org\/wp-content\/uploads\/2025\/04\/MOBI-07-26-1-724x1024.png\" alt=\"\" class=\"wp-image-6077\" srcset=\"https:\/\/afb26.org\/wp-content\/uploads\/2025\/04\/MOBI-07-26-1-724x1024.png 724w, https:\/\/afb26.org\/wp-content\/uploads\/2025\/04\/MOBI-07-26-1-212x300.png 212w, https:\/\/afb26.org\/wp-content\/uploads\/2025\/04\/MOBI-07-26-1-768x1086.png 768w, https:\/\/afb26.org\/wp-content\/uploads\/2025\/04\/MOBI-07-26-1-1086x1536.png 1086w, https:\/\/afb26.org\/wp-content\/uploads\/2025\/04\/MOBI-07-26-1.png 1414w\" sizes=\"auto, (max-width: 724px) 100vw, 724px\" \/><\/figure>\n<\/div>","protected":false},"excerpt":{"rendered":"<p>Pour plus d&#8217;information contactez nous 04 75 28 17 28 \/ accueil@afb26.org Bilan Mise \u00e0 disposition de v\u00e9hicules<\/p>\n","protected":false},"author":8,"featured_media":0,"parent":151,"menu_order":0,"comment_status":"closed","ping_status":"closed","template":"","meta":{"footnotes":""},"class_list":["post-3767","page","type-page","status-publish","hentry"],"_links":{"self":[{"href":"https:\/\/afb26.org\/index.php?rest_route=\/wp\/v2\/pages\/3767","targetHints":{"allow":["GET"]}}],"collection":[{"href":"https:\/\/afb26.org\/index.php?rest_route=\/wp\/v2\/pages"}],"about":[{"href":"https:\/\/afb26.org\/index.php?rest_route=\/wp\/v2\/types\/page"}],"author":[{"embeddable":true,"href":"https:\/\/afb26.org\/index.php?rest_route=\/wp\/v2\/users\/8"}],"replies":[{"embeddable":true,"href":"https:\/\/afb26.org\/index.php?rest_route=%2Fwp%2Fv2%2Fcomments&post=3767"}],"version-history":[{"count":16,"href":"https:\/\/afb26.org\/index.php?rest_route=\/wp\/v2\/pages\/3767\/revisions"}],"predecessor-version":[{"id":7316,"href":"https:\/\/afb26.org\/index.php?rest_route=\/wp\/v2\/pages\/3767\/revisions\/7316"}],"up":[{"embeddable":true,"href":"https:\/\/afb26.org\/index.php?rest_route=\/wp\/v2\/pages\/151"}],"wp:attachment":[{"href":"https:\/\/afb26.org\/index.php?rest_route=%2Fwp%2Fv2%2Fmedia&parent=3767"}],"curies":[{"name":"wp","href":"https:\/\/api.w.org\/{rel}","templated":true}]}}