{"id":3771,"date":"2023-07-06T12:06:56","date_gmt":"2023-07-06T10:06:56","guid":{"rendered":"https:\/\/afb26.org\/?page_id=3771"},"modified":"2025-04-15T16:21:05","modified_gmt":"2025-04-15T14:21:05","slug":"mises-a-dispo-dun-mini-bus","status":"publish","type":"page","link":"https:\/\/afb26.org\/?page_id=3771","title":{"rendered":"Mise \u00e0 disposition d&#8217;un Mini-Bus"},"content":{"rendered":"\n<h2 class=\"wp-block-heading\">Mise \u00e0 disposition d&#8217;un mini-bus aux associations<\/h2>\n\n\n\n<div class=\"wp-block-columns is-layout-flex wp-container-core-columns-is-layout-9d6595d7 wp-block-columns-is-layout-flex\">\n<div class=\"wp-block-column is-layout-flow wp-block-column-is-layout-flow\" style=\"flex-basis:33.33%\"><div class=\"wp-block-image\">\n<figure class=\"aligncenter size-full is-resized\"><img loading=\"lazy\" decoding=\"async\" width=\"499\" height=\"408\" src=\"https:\/\/afb26.org\/wp-content\/uploads\/2023\/07\/Design-sans-titre1-1.png\" alt=\"\" class=\"wp-image-3794\" style=\"width:450px\" srcset=\"https:\/\/afb26.org\/wp-content\/uploads\/2023\/07\/Design-sans-titre1-1.png 499w, https:\/\/afb26.org\/wp-content\/uploads\/2023\/07\/Design-sans-titre1-1-300x245.png 300w\" sizes=\"auto, (max-width: 499px) 100vw, 499px\" \/><\/figure>\n<\/div><\/div>\n\n\n\n<div class=\"wp-block-column is-layout-flow wp-block-column-is-layout-flow\" style=\"flex-basis:66.66%\">\n<p><\/p>\n\n\n\n<p class=\"has-suki-color-1-color has-text-color has-link-color has-medium-font-size wp-elements-bc337eaee1671a0fef744e094b6878f7\">La <strong>C<\/strong>ommunaut\u00e9 de <strong>C<\/strong>ommunes des <strong>B<\/strong>aronnies en <strong>D<\/strong>r\u00f4me<strong> P<\/strong>roven\u00e7ale a confi\u00e9 la gestion d\u2019un <strong>mini bus<\/strong> \u00e0 L&#8217;<strong>Association Familiale des Baronnies &#8211; Centre Social<\/strong>.<\/p>\n\n\n\n<p class=\"has-medium-font-size\">Ce v\u00e9hicule est mis \u00e0 disposition des associations ou autres structures locales, par le biais d&#8217;une convention pass\u00e9e entre l&#8217;AFB et la structure utilisatrice, en contrepartie d&#8217;une participation financi\u00e8re. <\/p>\n\n\n\n<ul class=\"wp-block-list\">\n<li class=\"has-medium-font-size\">de 0 \u00e0 199 kms : 0.10 \u20ac du kilom\u00e8tre<\/li>\n\n\n\n<li class=\"has-medium-font-size\">de 200 \u00e0 299 kms : 0.15 \u20ac du kilom\u00e8tre<\/li>\n\n\n\n<li class=\"has-medium-font-size\">\u00e0 partir de 300 kms : 0.20 \u20ac du kilom\u00e8tre<\/li>\n<\/ul>\n\n\n\n<p class=\"has-medium-font-size\">    Il s&#8217;agit d&#8217;un Citro\u00ebn Jumper, 9 places, les d\u00e9tenteurs d&#8217;un permis B peuvent le conduire.<\/p>\n<\/div>\n<\/div>\n\n\n\n<h3 class=\"wp-block-heading has-suki-color-2-color has-text-color has-link-color has-large-font-size wp-elements-1efebb04e1821df360ba4177e49c9c6b\">Contactez nous pour v\u00e9rifier les disponibilit\u00e9s et faire une r\u00e9servation<\/h3>\n\n\n\n<p class=\"has-medium-font-size\"><strong>04 75 28 17 28 \/ accueil@afb26.org<\/strong><\/p>\n\n\n\n<h2 class=\"wp-block-heading has-text-align-center has-suki-color-5-color has-text-color has-large-font-size\">Retour sur 2024<\/h2>\n\n\n<div class=\"wp-block-image\">\n<figure class=\"aligncenter size-large\"><img loading=\"lazy\" decoding=\"async\" width=\"724\" height=\"1024\" src=\"https:\/\/afb26.org\/wp-content\/uploads\/2025\/04\/MAD-Mini-Bus-724x1024.png\" alt=\"\" class=\"wp-image-6099\" srcset=\"https:\/\/afb26.org\/wp-content\/uploads\/2025\/04\/MAD-Mini-Bus-724x1024.png 724w, https:\/\/afb26.org\/wp-content\/uploads\/2025\/04\/MAD-Mini-Bus-212x300.png 212w, https:\/\/afb26.org\/wp-content\/uploads\/2025\/04\/MAD-Mini-Bus-768x1086.png 768w, https:\/\/afb26.org\/wp-content\/uploads\/2025\/04\/MAD-Mini-Bus-1086x1536.png 1086w, https:\/\/afb26.org\/wp-content\/uploads\/2025\/04\/MAD-Mini-Bus.png 1414w\" sizes=\"auto, (max-width: 724px) 100vw, 724px\" \/><\/figure>\n<\/div>","protected":false},"excerpt":{"rendered":"<p>Mise \u00e0 disposition d&#8217;un mini-bus aux associations La Communaut\u00e9 de Communes des Baronnies en Dr\u00f4me Proven\u00e7ale a confi\u00e9 la gestion d\u2019un mini bus \u00e0 L&#8217;Association Familiale des Baronnies &#8211; Centre Social. Ce v\u00e9hicule est mis \u00e0 disposition des associations ou autres structures locales, par le biais d&#8217;une convention pass\u00e9e entre l&#8217;AFB et la structure utilisatrice, &hellip;<\/p>\n","protected":false},"author":8,"featured_media":0,"parent":3770,"menu_order":0,"comment_status":"closed","ping_status":"closed","template":"","meta":{"footnotes":""},"class_list":["post-3771","page","type-page","status-publish","hentry"],"_links":{"self":[{"href":"https:\/\/afb26.org\/index.php?rest_route=\/wp\/v2\/pages\/3771","targetHints":{"allow":["GET"]}}],"collection":[{"href":"https:\/\/afb26.org\/index.php?rest_route=\/wp\/v2\/pages"}],"about":[{"href":"https:\/\/afb26.org\/index.php?rest_route=\/wp\/v2\/types\/page"}],"author":[{"embeddable":true,"href":"https:\/\/afb26.org\/index.php?rest_route=\/wp\/v2\/users\/8"}],"replies":[{"embeddable":true,"href":"https:\/\/afb26.org\/index.php?rest_route=%2Fwp%2Fv2%2Fcomments&post=3771"}],"version-history":[{"count":12,"href":"https:\/\/afb26.org\/index.php?rest_route=\/wp\/v2\/pages\/3771\/revisions"}],"predecessor-version":[{"id":6102,"href":"https:\/\/afb26.org\/index.php?rest_route=\/wp\/v2\/pages\/3771\/revisions\/6102"}],"up":[{"embeddable":true,"href":"https:\/\/afb26.org\/index.php?rest_route=\/wp\/v2\/pages\/3770"}],"wp:attachment":[{"href":"https:\/\/afb26.org\/index.php?rest_route=%2Fwp%2Fv2%2Fmedia&parent=3771"}],"curies":[{"name":"wp","href":"https:\/\/api.w.org\/{rel}","templated":true}]}}